{"id":88,"date":"2020-12-03T17:22:21","date_gmt":"2020-12-03T17:22:21","guid":{"rendered":"https:\/\/muvaclinares.es\/?page_id=88"},"modified":"2021-01-25T07:35:22","modified_gmt":"2021-01-25T07:35:22","slug":"exposicion-redescubriendo","status":"publish","type":"page","link":"https:\/\/muvacandalucia.es\/index.php\/exposicion-redescubriendo\/","title":{"rendered":"Exposici\u00f3n &#8220;Redescubriendo&#8221;: Redescubrir para volver a ser"},"content":{"rendered":"<p align=\"JUSTIFY\">\n<!-- mowomo-redes-sociales-icons-bar -->\n        <div class=\"mwm_rrss_contenedor mwm_rrss_appearance_6 mwm_rrss_alingment_3\">\n                            <a class=\"mwm_rrss mwm_twitter\" mwm-rrss-url=\"https:\/\/twitter.com\/intent\/tweet?text=Exposici\u00f3n &#8220;Redescubriendo&#8221;: Redescubrir para volver a ser https:\/\/muvacandalucia.es\/index.php\/exposicion-redescubriendo\/ v\u00eda @muvaclinares\"><i class=\"icon-rrss-twitter\"><\/i><\/a>\n            \n                            <a class=\"mwm_rrss mwm_facebook\" mwm-rrss-url=\"https:\/\/www.facebook.com\/sharer\/sharer.php?u=https:\/\/muvacandalucia.es\/index.php\/exposicion-redescubriendo\/\"><i class=\"icon-rrss-facebook\"><\/i><\/a>\n            \n            \n            \n                            <a class=\"mwm_rrss mwm_whatsapp\" mwm-rrss-url=\"https:\/\/api.whatsapp.com\/send?text=Exposici\u00f3n &#8220;Redescubriendo&#8221;: Redescubrir para volver a ser \u2013 https:\/\/muvacandalucia.es\/index.php\/exposicion-redescubriendo\/\" ><i class=\"icon-rrss-whatsapp\"><\/i> <\/a>\n                    <\/div>\n    <\/p>\n<p align=\"JUSTIFY\"><span style=\"color: #000000;\"><span style=\"font-family: Times New Roman, serif;\"><span style=\"font-size: medium;\">Arrancada del olvido en mal ventilados desvanes municipales, se presenta en la <a href=\"https:\/\/muvacandalucia.es\/index.php\/2021\/01\/16\/sala-gourmet-cazorla-espacio-de-arte\/\">Sala de Exposiciones \u201cGourmet Cazorla\u201d<\/a>, en el Pol\u00edgono Industrial de \u201cLos Jarales\u201d una sobria y elegante representaci\u00f3n del patrimonio pict\u00f3rico municipal que el pueblo de Linares llevaba muchos a\u00f1os anhelando y que permanecer\u00e1 abierta desde el 12 de noviembre de 2020 hasta el pr\u00f3ximo 29 de enero de 2021.<\/span><\/span><\/span><\/p>\n<p align=\"JUSTIFY\"><span style=\"color: #000000;\"><span style=\"font-family: Times New Roman, serif;\"><span style=\"font-size: medium;\">El esfuerzo realizado por la uni\u00f3n de las voluntades del \u00c1rea de Cultura del Ayuntamiento de Linares, la empresa \u201cGourmet Cazorla\u201d y el empe\u00f1o personal del Comisario de la exposici\u00f3n, el prestigioso galerista local Eduardo Palomares quien ha contado con la erudici\u00f3n y el buen hacer de Francisco Miguel Ar\u00e1nega y de Rafael Mantas para la documentaci\u00f3n y edici\u00f3n del cuidado cat\u00e1logo, ha conseguido resucitar una de las facetas m\u00e1s brillantes de la actividad cultural de nuestro consistorio en la segunda mitad del siglo XX.<\/span><\/span><\/span><\/p>\n<p align=\"JUSTIFY\"><span style=\"color: #000000;\"><span style=\"font-family: Calibri, sans-serif;\"><span style=\"font-size: medium;\"><span style=\"font-family: Times New Roman, serif;\">En el relativamente modesto, pero cuidado entorno de las instalaciones de Espacios de Arte \u201cGourmet Cazorla\u201d se han dispuesto las cuarenta y tres obras ganadoras de los cert\u00e1menes anuales promovidos por el consistorio desde 1942 hasta la actualidad con una est\u00e9tica \u201c<\/span><span style=\"font-family: Times New Roman, serif;\"><i>White box<\/i><\/span><span style=\"font-family: Times New Roman, serif;\">\u201d de aspecto inmaculado dentro de las instalaciones que la empresa alimenticia dedica desde 2016, de forma altruista, a la exposici\u00f3n de arte con mas de 600 metros cuadrados puestos al servicio de la comunidad. El p\u00fablico asistente recibe merced a este entorno una impresi\u00f3n de modernidad a la que est\u00e1 asociada en el imaginario popular la est\u00e9tica de l\u00edneas sencillas y fondos monocromos de las que dispone la sala.<\/span><\/span><\/span><\/span><\/p>\n<p align=\"JUSTIFY\"><span style=\"color: #000000;\"><span style=\"font-family: Times New Roman, serif;\"><span style=\"font-size: medium;\">Contando con un discurso expositivo convencional de ordenaci\u00f3n cronol\u00f3gica, las obras se alinean correlativamente en una sucesi\u00f3n inconexa de estilos y autores cuya comprensi\u00f3n requiere la consulta del magn\u00edfico cat\u00e1logo editado al efecto y que estar\u00e1 disponible en formato digital en breves fechas en esta misma p\u00e1gina.<\/span><\/span><\/span><\/p>\n<p align=\"JUSTIFY\"><span style=\"color: #000000;\"><span style=\"font-family: Calibri, sans-serif;\"><span style=\"font-size: medium;\"><span style=\"font-family: Times New Roman, serif;\">Las obras seleccionadas pertenecen a m\u00e1s de treinta artistas nacionales e internacionales que concursaron en su d\u00eda y alcanzaron alg\u00fan premio importante. En su mayor parte, se trata de artistas conocidos, entre los que destaca sin duda el linarense Francisco Ba\u00f1os que aporta varios interesantes lienzos de estilos que van desde el realismo m\u00e1s absoluto al neocubismo que caracteriz\u00f3 su obra m\u00e1s monumental. El resto de los trabajos recogidos abarcan un amplio espectro de estilos entre el realismo m\u00e1gico entroncado con el postexpresionismo de la \u201c<\/span><strong><span style=\"font-family: Times New Roman, serif;\"><i>Neue Sachlichkeit<\/i><\/span><\/strong><span style=\"font-family: Times New Roman, serif;\">\u201d alemana, el retrato academicista, el expresionismo, la abstracci\u00f3n o el postcubismo.<\/span><\/span><\/span><\/span><\/p>\n<p align=\"JUSTIFY\"><span style=\"color: #000000;\"><span style=\"font-family: Calibri, sans-serif;\"><span style=\"font-size: medium;\"><span style=\"font-family: Times New Roman, serif;\">Los magn\u00edficos <\/span><span style=\"font-family: Times New Roman, serif;\"><i>Sin lema II <\/i><\/span><span style=\"font-family: Times New Roman, serif;\"> de Juan Manuel Garc\u00eda Maldonado quien explorando la figuraci\u00f3n como en su <\/span><span style=\"font-family: Times New Roman, serif;\"><i>\u00c1gora<\/i><\/span><span style=\"font-family: Times New Roman, serif;\"> (1968) alcanza lo abstracto, <\/span><span style=\"font-family: Times New Roman, serif;\"><i>Marinos<\/i><\/span><span style=\"font-family: Times New Roman, serif;\">, del granadino Jos\u00e9 Ortu\u00f1o \u00dabeda en el que la luz desmaterializa la realidad o <\/span><span style=\"font-family: Times New Roman, serif;\"><i>Los Mineros<\/i><\/span><span style=\"font-family: Times New Roman, serif;\"> de Francisco Ba\u00f1os rigurosamente postcubistas y los intensos paisajes de Alfonso Parras Vilchez que podemos contemplar en su <\/span><span style=\"font-family: Times New Roman, serif;\"><i>Paisaje de M\u00e1laga<\/i><\/span><span style=\"font-family: Times New Roman, serif;\"> (1968) acreditan la calidad de la muestra m\u00e1s all\u00e1 del puro ensimismamiento \u201c<\/span><span style=\"font-family: Times New Roman, serif;\"><i>ombligocentrista<\/i><\/span><span style=\"font-family: Times New Roman, serif;\">\u201d y localista dejando constancia de que la calidad de la pinacoteca es una realidad objetiva por encima del apasionamiento de unos pocos iniciados que merec\u00eda mejor fortuna que la de pasar desapercibida cincuenta a\u00f1os para ser expuesta unos meses. Esperamos que el Ayuntamiento tome conciencia a partir de esta exposici\u00f3n de la imperiosa necesidad de la exposici\u00f3n permanente del fondo y de su revalorizaci\u00f3n. En realidad, la simple existencia de esta Web es buena prueba de que algo comienza a moverse. Esperamos que as\u00ed sea.<\/span><\/span><\/span><\/span><\/p>\n<p align=\"JUSTIFY\"><span style=\"color: #000000;\"><span style=\"font-family: Times New Roman, serif;\"><span style=\"font-size: medium;\">Podr\u00edamos afirmar que Redescubriendo nos vuelve a conectar con el brillante pasado art\u00edstico de nuestra ciudad y que este puede ser un paso m\u00e1s hacia la consolidaci\u00f3n de un espacio definitivo en el que el patrimonio de artes pl\u00e1sticas de nuestra ciudad sea expuesto y mantenido en la mejor de las condiciones para evitar que el linarense se vea condenado a olvidar su brillante pasado. Pero al mismo tiempo, estamos convencidos de que esta exhibici\u00f3n de \u201cm\u00fasculo\u201d cultural podr\u00eda convertirse en est\u00edmulo para no dejar languidecer la pasi\u00f3n pl\u00e1stica de nuestra ambiciosa ciudadan\u00eda que es capaz de hacer que el futuro de las Artes Pl\u00e1sticas en Linares sea a\u00fan m\u00e1s notable que su pasado.<\/span><\/span><\/span><\/p>\n<p style=\"text-align: right;\" align=\"JUSTIFY\">Rafael Ord\u00f3\u00f1ez Bedmar<\/p>\n<p style=\"text-align: right;\" align=\"JUSTIFY\">Director MuVACLinares<\/p>\n<p align=\"JUSTIFY\"><a href=\"https:\/\/muvacandalucia.es\/index.php\/category\/exposicion-redescubriendo\/\"><strong>An\u00e1lisis cuadro a cuadro de la Exposici\u00f3n (Cliquea aqu\u00ed)<\/strong><\/a><\/p>\n<p><strong>GALER\u00cdA VIRTUAL DE IM\u00c1GENES. PULSE PARA AMPLIAR O DESCARGAR<\/strong><\/p>\n<div id='gallery-1' class='gallery galleryid-88 gallery-columns-3 gallery-size-thumbnail'><figure class='gallery-item'>\n\t\t\t<div class='gallery-icon portrait'>\n\t\t\t\t<a href='https:\/\/muvacandalucia.es\/index.php\/2021\/01\/23\/el-nino-pescador-que-capto-la-mirada-de-francisco-banos\/dsc09221-2\/'><img width=\"150\" height=\"150\" src=\"https:\/\/muvacandalucia.es\/wp-content\/uploads\/2021\/01\/DSC09221-150x150.jpg\" class=\"attachment-thumbnail size-thumbnail\" alt=\"Francisco Ba\u00f1os Martos (Linares, 1928 - Valencia, 2006) Ni\u00f1o pescador (Primer premio de 1949, secci\u00f3n \u00f3leos) \u00d3leo sobre lienzo, 130x80 cm.\" decoding=\"async\" loading=\"lazy\" aria-describedby=\"gallery-1-402\" \/><\/a>\n\t\t\t<\/div>\n\t\t\t\t<figcaption class='wp-caption-text gallery-caption' id='gallery-1-402'>\n\t\t\t\tEl ni\u00f1o pescador\n\t\t\t\t<\/figcaption><\/figure><figure class='gallery-item'>\n\t\t\t<div class='gallery-icon landscape'>\n\t\t\t\t<a href='https:\/\/muvacandalucia.es\/index.php\/2021\/01\/23\/la-mina-siempre-presente-en-el-linarense-francisco-banos\/dsc09213-2\/'><img width=\"150\" height=\"150\" src=\"https:\/\/muvacandalucia.es\/wp-content\/uploads\/2021\/01\/DSC09213-150x150.jpg\" class=\"attachment-thumbnail size-thumbnail\" alt=\"Francisco Ba\u00f1os Martos (Linares, 1928 - Valencia, 2006) Los mineros (Primer premio de 1957, secci\u00f3n \u00f3leos) \u00d3leo sobre lienzo, 165x290 cm.\" decoding=\"async\" loading=\"lazy\" aria-describedby=\"gallery-1-401\" \/><\/a>\n\t\t\t<\/div>\n\t\t\t\t<figcaption class='wp-caption-text gallery-caption' id='gallery-1-401'>\n\t\t\t\tMineros\n\t\t\t\t<\/figcaption><\/figure><figure class='gallery-item'>\n\t\t\t<div class='gallery-icon portrait'>\n\t\t\t\t<a href='https:\/\/muvacandalucia.es\/index.php\/2021\/01\/14\/el-amante-austriaco-de-linares\/dsc09209-2\/'><img width=\"150\" height=\"150\" src=\"https:\/\/muvacandalucia.es\/wp-content\/uploads\/2021\/01\/DSC09209-150x150.jpg\" class=\"attachment-thumbnail size-thumbnail\" alt=\"Georg Miciv Nicolaevici (Bludenz, 1946). Linarejos (Donaci\u00f3n al Excmo. Ayuntamiento de Linares en 1977) \u00d3leo sobre lienzo, 60 x 50 cm.\" decoding=\"async\" loading=\"lazy\" aria-describedby=\"gallery-1-400\" \/><\/a>\n\t\t\t<\/div>\n\t\t\t\t<figcaption class='wp-caption-text gallery-caption' id='gallery-1-400'>\n\t\t\t\tLinarejos\n\t\t\t\t<\/figcaption><\/figure><figure class='gallery-item'>\n\t\t\t<div class='gallery-icon landscape'>\n\t\t\t\t<a href='https:\/\/muvacandalucia.es\/index.php\/2021\/01\/21\/maria-en-los-limites-del-neorrealismo\/dsc09006\/'><img width=\"150\" height=\"150\" src=\"https:\/\/muvacandalucia.es\/wp-content\/uploads\/2021\/01\/DSC09006-150x150.jpg\" class=\"attachment-thumbnail size-thumbnail\" alt=\"Mat\u00edas Quetglas Benedet (Ciutadella, Menorca, 1946) Mar\u00eda Barroca (Premio \u201cFernando Arcas\u201d de 1969, secci\u00f3n \u00f3leos) \u00d3leo sobre tabla, 72x94 cm.\" decoding=\"async\" loading=\"lazy\" aria-describedby=\"gallery-1-399\" \/><\/a>\n\t\t\t<\/div>\n\t\t\t\t<figcaption class='wp-caption-text gallery-caption' id='gallery-1-399'>\n\t\t\t\tMar\u00eda Barroca\n\t\t\t\t<\/figcaption><\/figure><figure class='gallery-item'>\n\t\t\t<div class='gallery-icon landscape'>\n\t\t\t\t<a href='https:\/\/muvacandalucia.es\/index.php\/2021\/01\/23\/venecia-vista-por-un-linarense\/dsc09003\/'><img width=\"150\" height=\"150\" src=\"https:\/\/muvacandalucia.es\/wp-content\/uploads\/2021\/01\/DSC09003-150x150.jpg\" class=\"attachment-thumbnail size-thumbnail\" alt=\"Sebasti\u00e1n Rey Padilla (Linares, 1910 - Madrid, 1973) Canal de Santa B\u00e1rbara (Primer premio de 1959, secci\u00f3n acuarela) Acuarela, 38x55 cm.\" decoding=\"async\" loading=\"lazy\" aria-describedby=\"gallery-1-398\" \/><\/a>\n\t\t\t<\/div>\n\t\t\t\t<figcaption class='wp-caption-text gallery-caption' id='gallery-1-398'>\n\t\t\t\tCanal de Santa B\u00e1rbara\n\t\t\t\t<\/figcaption><\/figure><figure class='gallery-item'>\n\t\t\t<div class='gallery-icon landscape'>\n\t\t\t\t<a href='https:\/\/muvacandalucia.es\/index.php\/2021\/01\/16\/marineros-en-oleo-y-lienzo\/dsc09000\/'><img width=\"150\" height=\"150\" src=\"https:\/\/muvacandalucia.es\/wp-content\/uploads\/2021\/01\/DSC09000-150x150.jpg\" class=\"attachment-thumbnail size-thumbnail\" alt=\"Jos\u00e9 Ortu\u00f1o \u00dabeda (Granada, 1943 - 1999) Marinos (Tercer premio \u201cMariano de la Paz\u201d de 1977, secci\u00f3n \u00f3leos) \u00d3leos sobre lienzo, 65x80 cm.\" decoding=\"async\" loading=\"lazy\" aria-describedby=\"gallery-1-397\" \/><\/a>\n\t\t\t<\/div>\n\t\t\t\t<figcaption class='wp-caption-text gallery-caption' id='gallery-1-397'>\n\t\t\t\tMarinos\n\t\t\t\t<\/figcaption><\/figure><figure class='gallery-item'>\n\t\t\t<div class='gallery-icon landscape'>\n\t\t\t\t<a href='https:\/\/muvacandalucia.es\/index.php\/2021\/01\/21\/ingravidez-de-maria\/dsc08998\/'><img width=\"150\" height=\"150\" src=\"https:\/\/muvacandalucia.es\/wp-content\/uploads\/2021\/01\/DSC08998-150x150.jpg\" class=\"attachment-thumbnail size-thumbnail\" alt=\"Mat\u00edas Quetglas Benedet (Ciutadella, Menorca, 1946) Mar\u00eda ingr\u00e1vida (Tercer premio \u201cFernando Arcas\u201d de 1970, secci\u00f3n \u00f3leos) \u00d3leo sobre tabla, 80x100 cm.\" decoding=\"async\" loading=\"lazy\" aria-describedby=\"gallery-1-396\" \/><\/a>\n\t\t\t<\/div>\n\t\t\t\t<figcaption class='wp-caption-text gallery-caption' id='gallery-1-396'>\n\t\t\t\tMar\u00eda ingr\u00e1vida\n\t\t\t\t<\/figcaption><\/figure><figure class='gallery-item'>\n\t\t\t<div class='gallery-icon portrait'>\n\t\t\t\t<a href='https:\/\/muvacandalucia.es\/index.php\/2021\/01\/23\/la-mirada-nostalgica-de-la-planchadora-de-briones\/dsc08996\/'><img width=\"150\" height=\"150\" src=\"https:\/\/muvacandalucia.es\/wp-content\/uploads\/2021\/01\/DSC08996-150x150.jpg\" class=\"attachment-thumbnail size-thumbnail\" alt=\"Fernando Briones Carmona (\u00c9cija, Sevilla, 1905 - Madrid, 1988) Planchadora (Primer premio de 1955, secci\u00f3n \u00f3leos) \u00d3leo sobre lienzo, 110x90 cm.\" decoding=\"async\" loading=\"lazy\" aria-describedby=\"gallery-1-395\" \/><\/a>\n\t\t\t<\/div>\n\t\t\t\t<figcaption class='wp-caption-text gallery-caption' id='gallery-1-395'>\n\t\t\t\tLa planchadora\n\t\t\t\t<\/figcaption><\/figure><figure class='gallery-item'>\n\t\t\t<div class='gallery-icon portrait'>\n\t\t\t\t<a href='https:\/\/muvacandalucia.es\/index.php\/2021\/01\/23\/una-copista-en-el-museo-del-prado\/dsc08994\/'><img width=\"150\" height=\"150\" src=\"https:\/\/muvacandalucia.es\/wp-content\/uploads\/2021\/01\/DSC08994-150x150.jpg\" class=\"attachment-thumbnail size-thumbnail\" alt=\"Guillermo Vargas Ruiz (Bollullos de la Mitaci\u00f3n, Sevilla, 1910 - Madrid, 1990) La copista (Primer premio de 1951, secci\u00f3n \u00f3leos) \u00d3leo sobre lienzo, 98x83 cm.\" decoding=\"async\" loading=\"lazy\" aria-describedby=\"gallery-1-394\" \/><\/a>\n\t\t\t<\/div>\n\t\t\t\t<figcaption class='wp-caption-text gallery-caption' id='gallery-1-394'>\n\t\t\t\tLa copista\n\t\t\t\t<\/figcaption><\/figure><figure class='gallery-item'>\n\t\t\t<div class='gallery-icon portrait'>\n\t\t\t\t<a href='https:\/\/muvacandalucia.es\/index.php\/2021\/01\/22\/el-realismo-magico-de-una-nina-y-su-muneca\/dsc08992\/'><img width=\"150\" height=\"150\" src=\"https:\/\/muvacandalucia.es\/wp-content\/uploads\/2021\/01\/DSC08992-150x150.jpg\" class=\"attachment-thumbnail size-thumbnail\" alt=\"Mar\u00eda Manuela Pozo Lora (El Carpio, C\u00f3rdoba, 1932 - Jerez de la Frontera, C\u00e1diz, 2006) Ni\u00f1a con mu\u00f1eca (Acc\u00e9sit de 1965). \u00d3leo sobre lienzo, 115 x90 cm.\" decoding=\"async\" loading=\"lazy\" aria-describedby=\"gallery-1-393\" \/><\/a>\n\t\t\t<\/div>\n\t\t\t\t<figcaption class='wp-caption-text gallery-caption' id='gallery-1-393'>\n\t\t\t\tNi\u00f1a con mu\u00f1eca\n\t\t\t\t<\/figcaption><\/figure><figure class='gallery-item'>\n\t\t\t<div class='gallery-icon landscape'>\n\t\t\t\t<a href='https:\/\/muvacandalucia.es\/index.php\/2021\/01\/16\/la-vista-del-ubeda-de-marcelo-gongora\/dsc08989\/'><img width=\"150\" height=\"150\" src=\"https:\/\/muvacandalucia.es\/wp-content\/uploads\/2021\/01\/DSC08989-150x150.jpg\" class=\"attachment-thumbnail size-thumbnail\" alt=\"Marcelo G\u00f3ngora Ramos (\u00dabeda, 1940-2014) Vista de \u00dabeda (Primer premio \u201cC\u00e1stulo\u201d de 1970, acuarela) T\u00e9cnica mixta sobre lienzo, 58x70 cm.\" decoding=\"async\" loading=\"lazy\" aria-describedby=\"gallery-1-392\" \/><\/a>\n\t\t\t<\/div>\n\t\t\t\t<figcaption class='wp-caption-text gallery-caption' id='gallery-1-392'>\n\t\t\t\tVista de \u00fcbeda\n\t\t\t\t<\/figcaption><\/figure><figure class='gallery-item'>\n\t\t\t<div class='gallery-icon landscape'>\n\t\t\t\t<a href='https:\/\/muvacandalucia.es\/index.php\/2021\/01\/21\/un-paisaje-meridional-de-jose-hernandez\/dsc08985\/'><img width=\"150\" height=\"150\" src=\"https:\/\/muvacandalucia.es\/wp-content\/uploads\/2021\/01\/DSC08985-150x150.jpg\" class=\"attachment-thumbnail size-thumbnail\" alt=\"Jos\u00e9 Hern\u00e1ndez Quero (Granada, 1930) Tierras del Sur de Espa\u00f1a (Segundo premio \u201cMariano de la Paz\u201d de 1970, secci\u00f3n \u00f3leos) \u00d3leo sobre lienzo, 109x129 cm.\" decoding=\"async\" loading=\"lazy\" aria-describedby=\"gallery-1-390\" \/><\/a>\n\t\t\t<\/div>\n\t\t\t\t<figcaption class='wp-caption-text gallery-caption' id='gallery-1-390'>\n\t\t\t\tTierras del Sur de Espa\u00f1a\n\t\t\t\t<\/figcaption><\/figure><figure class='gallery-item'>\n\t\t\t<div class='gallery-icon landscape'>\n\t\t\t\t<a href='https:\/\/muvacandalucia.es\/index.php\/2021\/01\/21\/el-paisaje-de-malaga-visto-por-alfonso-parras\/dsc08983\/'><img width=\"150\" height=\"150\" src=\"https:\/\/muvacandalucia.es\/wp-content\/uploads\/2021\/01\/DSC08983-150x150.jpg\" class=\"attachment-thumbnail size-thumbnail\" alt=\"Alfonso Parras V\u00edlchez (Torredelcampo, Ja\u00e9n, 1934 - 2013) Paisaje de M\u00e1laga (Premio especial \u201cMariano de la Paz\u201d de 1968) \u00d3leo sobre lienzo, 89x135 cm.\" decoding=\"async\" loading=\"lazy\" aria-describedby=\"gallery-1-389\" \/><\/a>\n\t\t\t<\/div>\n\t\t\t\t<figcaption class='wp-caption-text gallery-caption' id='gallery-1-389'>\n\t\t\t\tPaisaje de M\u00e1laga\n\t\t\t\t<\/figcaption><\/figure><figure class='gallery-item'>\n\t\t\t<div class='gallery-icon landscape'>\n\t\t\t\t<a href='https:\/\/muvacandalucia.es\/index.php\/2021\/01\/13\/recuerdos-imborrables-de-manuel-kayser\/dsc08981\/'><img width=\"150\" height=\"150\" src=\"https:\/\/muvacandalucia.es\/wp-content\/uploads\/2021\/01\/DSC08981-150x150.jpg\" class=\"attachment-thumbnail size-thumbnail\" alt=\"Manuel Kayser Zapata (Ja\u00e9n, 1946) Persistencia del tiempo (Tercer premio \u201cMariano de la Paz\u201d de 1979, secci\u00f3n \u00f3leos) \u00d3leo sobre lienzo, 114x145 cm.\" decoding=\"async\" loading=\"lazy\" aria-describedby=\"gallery-1-388\" \/><\/a>\n\t\t\t<\/div>\n\t\t\t\t<figcaption class='wp-caption-text gallery-caption' id='gallery-1-388'>\n\t\t\t\tPersistencia del tiempo\n\t\t\t\t<\/figcaption><\/figure><figure class='gallery-item'>\n\t\t\t<div class='gallery-icon portrait'>\n\t\t\t\t<a href='https:\/\/muvacandalucia.es\/index.php\/2021\/01\/16\/homenaje-a-los-heroes-del-3-de-mayo\/dsc08977\/'><img width=\"150\" height=\"150\" src=\"https:\/\/muvacandalucia.es\/wp-content\/uploads\/2021\/01\/DSC08977-150x150.jpg\" class=\"attachment-thumbnail size-thumbnail\" alt=\"Santiago Tirado Franco (Linares, 1950). Recuerdos del 3 de mayo de 1808 (Primer premio \u201cCiudad de Linares de 1975, secci\u00f3n \u00f3leos). T\u00e9cnica mixta (\u00f3leo-collage sobre tabla), 135x119 cm.\" decoding=\"async\" loading=\"lazy\" aria-describedby=\"gallery-1-387\" \/><\/a>\n\t\t\t<\/div>\n\t\t\t\t<figcaption class='wp-caption-text gallery-caption' id='gallery-1-387'>\n\t\t\t\tRecuerdos del 3 de mayo de 1808\n\t\t\t\t<\/figcaption><\/figure><figure class='gallery-item'>\n\t\t\t<div class='gallery-icon portrait'>\n\t\t\t\t<a href='https:\/\/muvacandalucia.es\/index.php\/2021\/01\/23\/un-desnudo-que-burla-la-censura-del-regimen-con-su-candidez\/dsc08962\/'><img width=\"150\" height=\"150\" src=\"https:\/\/muvacandalucia.es\/wp-content\/uploads\/2021\/01\/DSC08962-150x150.jpg\" class=\"attachment-thumbnail size-thumbnail\" alt=\"Juan Mirasierras Cicujano (Madrid 1921 - Madrid 2010) Desnudo de las zapatillas rojas (Primer premio de 1954, secci\u00f3n \u00f3leos) \u00d3leo sobre lienzo, 100x85 cm.\" decoding=\"async\" loading=\"lazy\" aria-describedby=\"gallery-1-381\" \/><\/a>\n\t\t\t<\/div>\n\t\t\t\t<figcaption class='wp-caption-text gallery-caption' id='gallery-1-381'>\n\t\t\t\tDesnudo de las zapatillas rojas\n\t\t\t\t<\/figcaption><\/figure><figure class='gallery-item'>\n\t\t\t<div class='gallery-icon landscape'>\n\t\t\t\t<a href='https:\/\/muvacandalucia.es\/index.php\/2021\/01\/17\/mientras-esperan\/dsc08964\/'><img width=\"150\" height=\"150\" src=\"https:\/\/muvacandalucia.es\/wp-content\/uploads\/2021\/01\/DSC08964-150x150.jpg\" class=\"attachment-thumbnail size-thumbnail\" alt=\"Jos\u00e9 Hern\u00e1ndez Quero (Granada, 1930) Visita al estudio (Segundo premio \u201cMariano de la Paz\u201d de 1971, secci\u00f3n \u00f3leos) \u00d3leo sobre lienzo, 110x130 cm.\" decoding=\"async\" loading=\"lazy\" aria-describedby=\"gallery-1-382\" \/><\/a>\n\t\t\t<\/div>\n\t\t\t\t<figcaption class='wp-caption-text gallery-caption' id='gallery-1-382'>\n\t\t\t\tVisita al estudio\n\t\t\t\t<\/figcaption><\/figure><figure class='gallery-item'>\n\t\t\t<div class='gallery-icon portrait'>\n\t\t\t\t<a href='https:\/\/muvacandalucia.es\/index.php\/2021\/01\/22\/la-espera-de-joaquin-canete\/dsc08965\/'><img width=\"150\" height=\"150\" src=\"https:\/\/muvacandalucia.es\/wp-content\/uploads\/2021\/01\/DSC08965-150x150.jpg\" class=\"attachment-thumbnail size-thumbnail\" alt=\"Joaqu\u00edn Ca\u00f1ete Babot (Jerez de la Frontera, C\u00e1diz, 1933 - \u2020) La espera (Segundo premio de 1963, secci\u00f3n \u00f3leos) \u00d3leo sobre lienzo, 150x118 cm.\" decoding=\"async\" loading=\"lazy\" aria-describedby=\"gallery-1-383\" \/><\/a>\n\t\t\t<\/div>\n\t\t\t\t<figcaption class='wp-caption-text gallery-caption' id='gallery-1-383'>\n\t\t\t\tLa espera\n\t\t\t\t<\/figcaption><\/figure><figure class='gallery-item'>\n\t\t\t<div class='gallery-icon portrait'>\n\t\t\t\t<a href='https:\/\/muvacandalucia.es\/index.php\/2021\/01\/24\/el-joven-calderero-que-atrajo-la-atencion-de-francisco-banos\/dsc08970\/'><img width=\"150\" height=\"150\" src=\"https:\/\/muvacandalucia.es\/wp-content\/uploads\/2021\/01\/DSC08970-150x150.jpg\" class=\"attachment-thumbnail size-thumbnail\" alt=\"Francisco Ba\u00f1os Martos (Linares, 1928 - Valencia, 2006) Calderero (Adquisici\u00f3n del Excmo. Ayuntamiento de Linares en 1946) \u00d3leo sobre lienzo, 125x105 cm.\" decoding=\"async\" loading=\"lazy\" aria-describedby=\"gallery-1-384\" \/><\/a>\n\t\t\t<\/div>\n\t\t\t\t<figcaption class='wp-caption-text gallery-caption' id='gallery-1-384'>\n\t\t\t\tCalderero\n\t\t\t\t<\/figcaption><\/figure><figure class='gallery-item'>\n\t\t\t<div class='gallery-icon portrait'>\n\t\t\t\t<a href='https:\/\/muvacandalucia.es\/index.php\/2021\/01\/14\/el-regreso-de-brazam\/dsc08972\/'><img width=\"150\" height=\"150\" src=\"https:\/\/muvacandalucia.es\/wp-content\/uploads\/2021\/01\/DSC08972-150x150.jpg\" class=\"attachment-thumbnail size-thumbnail\" alt=\"Juan Manuel Garc\u00eda Maldonado, \u201cBrazam\u201d (Alhama de Granada, Granada, 1946) Sin Lema II (Primer premio \u201cCiudad de Linares\u201d de 1979, secci\u00f3n \u00f3leos) T\u00e9cnica mixta (\u00f3leo-collage sobre lienzo), 129\u00d7104 cm.\" decoding=\"async\" loading=\"lazy\" aria-describedby=\"gallery-1-385\" \/><\/a>\n\t\t\t<\/div>\n\t\t\t\t<figcaption class='wp-caption-text gallery-caption' id='gallery-1-385'>\n\t\t\t\tSin lema II\n\t\t\t\t<\/figcaption><\/figure><figure class='gallery-item'>\n\t\t\t<div class='gallery-icon portrait'>\n\t\t\t\t<a href='https:\/\/muvacandalucia.es\/index.php\/2021\/01\/23\/un-doble-desnudo-que-nos-muestra-a-francisco-banos-en-su-estilo-mas-puro\/dsc08975\/'><img width=\"150\" height=\"150\" src=\"https:\/\/muvacandalucia.es\/wp-content\/uploads\/2021\/01\/DSC08975-150x150.jpg\" class=\"attachment-thumbnail size-thumbnail\" alt=\"Francisco Ba\u00f1os Martos (Linares, Ja\u00e9n, 1928 - Valencia, 2006) Desnudo (Primer premio de 1951, secci\u00f3n dibujo) Carboncillo sobre papel, 138x95 cm.\" decoding=\"async\" loading=\"lazy\" aria-describedby=\"gallery-1-386\" \/><\/a>\n\t\t\t<\/div>\n\t\t\t\t<figcaption class='wp-caption-text gallery-caption' id='gallery-1-386'>\n\t\t\t\tDesnudo\n\t\t\t\t<\/figcaption><\/figure><figure class='gallery-item'>\n\t\t\t<div class='gallery-icon portrait'>\n\t\t\t\t<a href='https:\/\/muvacandalucia.es\/index.php\/2021\/01\/23\/pablo-coronado-nos-presenta-a-marta-y-beatriz\/dsc08960\/'><img width=\"150\" height=\"150\" src=\"https:\/\/muvacandalucia.es\/wp-content\/uploads\/2021\/01\/DSC08960-150x150.jpg\" class=\"attachment-thumbnail size-thumbnail\" alt=\"Pablo Coronado Mart\u00edn (Motril, Granada, 1898 - Puerto de la Torre, M\u00e1laga, 1970) Marta y Beatriz (Primer premio de 1953, secci\u00f3n \u00f3leos) \u00d3leo sobre lienzo, 100x85 cm.\" decoding=\"async\" loading=\"lazy\" aria-describedby=\"gallery-1-380\" \/><\/a>\n\t\t\t<\/div>\n\t\t\t\t<figcaption class='wp-caption-text gallery-caption' id='gallery-1-380'>\n\t\t\t\tMarta y Beatriz\n\t\t\t\t<\/figcaption><\/figure><figure class='gallery-item'>\n\t\t\t<div class='gallery-icon portrait'>\n\t\t\t\t<a href='https:\/\/muvacandalucia.es\/index.php\/2021\/01\/23\/el-virtuosismo-de-gonzalez-saez-en-su-torera\/dsc08958\/'><img width=\"150\" height=\"150\" src=\"https:\/\/muvacandalucia.es\/wp-content\/uploads\/2021\/01\/DSC08958-150x150.jpg\" class=\"attachment-thumbnail size-thumbnail\" alt=\"Rafael Gonz\u00e1lez-S\u00e1enz Lerdo de Tejada (Ayamonte, Huelva, 1903 - Madrid, 1962) Torera (Primer premio de 1947, secci\u00f3n \u00f3leos) \u00d3leo sobre lienzo, 96x70 cm.\" decoding=\"async\" loading=\"lazy\" aria-describedby=\"gallery-1-379\" \/><\/a>\n\t\t\t<\/div>\n\t\t\t\t<figcaption class='wp-caption-text gallery-caption' id='gallery-1-379'>\n\t\t\t\tTorera\n\t\t\t\t<\/figcaption><\/figure><figure class='gallery-item'>\n\t\t\t<div class='gallery-icon landscape'>\n\t\t\t\t<a href='https:\/\/muvacandalucia.es\/index.php\/2021\/01\/16\/la-vista-del-ubeda-de-marcelo-gongora\/dsc08956\/'><img width=\"150\" height=\"150\" src=\"https:\/\/muvacandalucia.es\/wp-content\/uploads\/2021\/01\/DSC08956-150x150.jpg\" class=\"attachment-thumbnail size-thumbnail\" alt=\"Marcelo G\u00f3ngora Ramos (\u00dabeda, 1940-2014) Composici\u00f3n 1976 (Segundo premio \u201cFernando Arcas\u201d de 1977, secci\u00f3n \u00f3leos) \u00d3leo sobre lienzo, 125x170 cm.\" decoding=\"async\" loading=\"lazy\" aria-describedby=\"gallery-1-378\" \/><\/a>\n\t\t\t<\/div>\n\t\t\t\t<figcaption class='wp-caption-text gallery-caption' id='gallery-1-378'>\n\t\t\t\tComposici\u00f3n\n\t\t\t\t<\/figcaption><\/figure><figure class='gallery-item'>\n\t\t\t<div class='gallery-icon portrait'>\n\t\t\t\t<a href='https:\/\/muvacandalucia.es\/index.php\/2021\/01\/23\/el-retrato-de-un-anticuario-le-da-el-triunfo-a-amalio-garcia\/dsc08953\/'><img width=\"150\" height=\"150\" src=\"https:\/\/muvacandalucia.es\/wp-content\/uploads\/2021\/01\/DSC08953-150x150.jpg\" class=\"attachment-thumbnail size-thumbnail\" alt=\"Amalio Garc\u00eda del Moral (Granada, 1922 - Sevilla, 1995) Chamarilero (Primer premio de 1948, secci\u00f3n \u00f3leos) \u00d3leo sobre lienzo, 162x146 cm\" decoding=\"async\" loading=\"lazy\" aria-describedby=\"gallery-1-377\" \/><\/a>\n\t\t\t<\/div>\n\t\t\t\t<figcaption class='wp-caption-text gallery-caption' id='gallery-1-377'>\n\t\t\t\tEl chamarilero\n\t\t\t\t<\/figcaption><\/figure><figure class='gallery-item'>\n\t\t\t<div class='gallery-icon portrait'>\n\t\t\t\t<a href='https:\/\/muvacandalucia.es\/index.php\/2021\/01\/11\/la-hierba-y-la-tierra-segun-santiago-bueno\/dsc08950-2\/'><img width=\"150\" height=\"150\" src=\"https:\/\/muvacandalucia.es\/wp-content\/uploads\/2021\/01\/DSC08950-150x150.jpg\" class=\"attachment-thumbnail size-thumbnail\" alt=\"Santiago Bueno Bravo (Madrid, 1954) Hierba-tierra N\u00ba1 (Primer premio \u201cCiudad de Linares\u201d de 1981, secci\u00f3n \u00f3leos) \u00d3leo sobre tabla, 200x120 cm.\" decoding=\"async\" loading=\"lazy\" aria-describedby=\"gallery-1-376\" \/><\/a>\n\t\t\t<\/div>\n\t\t\t\t<figcaption class='wp-caption-text gallery-caption' id='gallery-1-376'>\n\t\t\t\tHierba-tierra\n\t\t\t\t<\/figcaption><\/figure><figure class='gallery-item'>\n\t\t\t<div class='gallery-icon portrait'>\n\t\t\t\t<a href='https:\/\/muvacandalucia.es\/index.php\/2021\/01\/10\/los-amantes-de-jose-gaspar-cortes\/dsc08948-2\/'><img width=\"150\" height=\"150\" src=\"https:\/\/muvacandalucia.es\/wp-content\/uploads\/2021\/01\/DSC08948-150x150.jpg\" class=\"attachment-thumbnail size-thumbnail\" alt=\"Jos\u00e9 Gaspar Cort\u00e9s Zarrias (Ja\u00e9n, 1964) Los amantes (Premio J\u00f3venes Pintores Andaluces \u201cMariano de la Paz\u201d de 1988) \u00d3leo sobre lienzo, 195x150 cm.\" decoding=\"async\" loading=\"lazy\" aria-describedby=\"gallery-1-375\" \/><\/a>\n\t\t\t<\/div>\n\t\t\t\t<figcaption class='wp-caption-text gallery-caption' id='gallery-1-375'>\n\t\t\t\tLos amantes\n\t\t\t\t<\/figcaption><\/figure><figure class='gallery-item'>\n\t\t\t<div class='gallery-icon landscape'>\n\t\t\t\t<a href='https:\/\/muvacandalucia.es\/index.php\/2021\/01\/22\/un-amanecer-cualquiera-en-la-paleta-de-domingo-molina\/dsc08932-2\/'><img width=\"150\" height=\"150\" src=\"https:\/\/muvacandalucia.es\/wp-content\/uploads\/2021\/01\/DSC08932-150x150.jpg\" class=\"attachment-thumbnail size-thumbnail\" alt=\"Domingo Molina S\u00e1nchez (\u00dabeda, 1922 - 2011) Amanecer en la plaza (Tercer premio de 1961, secci\u00f3n \u00f3leos) \u00d3leo sobre tabla, 82x100 cm.\" decoding=\"async\" loading=\"lazy\" aria-describedby=\"gallery-1-369\" \/><\/a>\n\t\t\t<\/div>\n\t\t\t\t<figcaption class='wp-caption-text gallery-caption' id='gallery-1-369'>\n\t\t\t\tAmanecer en la plaza\n\t\t\t\t<\/figcaption><\/figure><figure class='gallery-item'>\n\t\t\t<div class='gallery-icon portrait'>\n\t\t\t\t<a href='https:\/\/muvacandalucia.es\/index.php\/2021\/01\/11\/aves-sobrevolando-linares\/dsc08935-2\/'><img width=\"150\" height=\"150\" src=\"https:\/\/muvacandalucia.es\/wp-content\/uploads\/2021\/01\/DSC08935-150x150.jpg\" class=\"attachment-thumbnail size-thumbnail\" alt=\"Fernando Bermejo Barrionuevo (Madrid, 1949) Aves (Primer premio \u201cCiudad de Linares\u201d de 1983) T\u00e9mpera sobre tela, 180x150 cm.\" decoding=\"async\" loading=\"lazy\" aria-describedby=\"gallery-1-370\" \/><\/a>\n\t\t\t<\/div>\n\t\t\t\t<figcaption class='wp-caption-text gallery-caption' id='gallery-1-370'>\n\t\t\t\tAves\n\t\t\t\t<\/figcaption><\/figure><figure class='gallery-item'>\n\t\t\t<div class='gallery-icon landscape'>\n\t\t\t\t<a href='https:\/\/muvacandalucia.es\/index.php\/2021\/01\/22\/los-reflejos-del-mercado\/dsc08938-2\/'><img width=\"150\" height=\"150\" src=\"https:\/\/muvacandalucia.es\/wp-content\/uploads\/2021\/01\/DSC08938-150x150.jpg\" class=\"attachment-thumbnail size-thumbnail\" alt=\"Jos\u00e9 Mar\u00eda C\u00f3zar Viedma (Baeza, 1944) Reflejos en el mercado (Primer premio de 1963, secci\u00f3n \u00f3leos) \u00d3leo sobre lienzo, 150x200 cm.\" decoding=\"async\" loading=\"lazy\" aria-describedby=\"gallery-1-371\" \/><\/a>\n\t\t\t<\/div>\n\t\t\t\t<figcaption class='wp-caption-text gallery-caption' id='gallery-1-371'>\n\t\t\t\tReflejos en el mercado\n\t\t\t\t<\/figcaption><\/figure><figure class='gallery-item'>\n\t\t\t<div class='gallery-icon landscape'>\n\t\t\t\t<a href='https:\/\/muvacandalucia.es\/index.php\/2021\/01\/22\/brazam-triunfa-con-su-zoco\/dsc08941\/'><img width=\"150\" height=\"150\" src=\"https:\/\/muvacandalucia.es\/wp-content\/uploads\/2021\/01\/DSC08941-150x150.jpg\" class=\"attachment-thumbnail size-thumbnail\" alt=\"Juan Manuel Garc\u00eda Maldonado, \u201cBrazam\u201d (Alhama de Granada, Granada, 1946) Zoco (Primer premio de 1966, secci\u00f3n \u00f3leos) \u00d3leo sobre lienzo, 112x220 cm.\" decoding=\"async\" loading=\"lazy\" aria-describedby=\"gallery-1-372\" \/><\/a>\n\t\t\t<\/div>\n\t\t\t\t<figcaption class='wp-caption-text gallery-caption' id='gallery-1-372'>\n\t\t\t\tZoco\n\t\t\t\t<\/figcaption><\/figure><figure class='gallery-item'>\n\t\t\t<div class='gallery-icon landscape'>\n\t\t\t\t<a href='https:\/\/muvacandalucia.es\/index.php\/2021\/01\/22\/un-agora-construida-a-base-de-geometria-en-los-planos-de-color\/dsc08943\/'><img width=\"150\" height=\"150\" src=\"https:\/\/muvacandalucia.es\/wp-content\/uploads\/2021\/01\/DSC08943-150x150.jpg\" class=\"attachment-thumbnail size-thumbnail\" alt=\"Juan Manuel Garc\u00eda Maldonado, \u201cBrazam\u201d (Alhama de Granada, Granada, 1946) \u00c1gora (Segundo premio de 1968, secci\u00f3n \u00f3leos)\" decoding=\"async\" loading=\"lazy\" aria-describedby=\"gallery-1-373\" \/><\/a>\n\t\t\t<\/div>\n\t\t\t\t<figcaption class='wp-caption-text gallery-caption' id='gallery-1-373'>\n\t\t\t\tRedescubriendo\n\t\t\t\t<\/figcaption><\/figure><figure class='gallery-item'>\n\t\t\t<div class='gallery-icon portrait'>\n\t\t\t\t<a href='https:\/\/muvacandalucia.es\/index.php\/2021\/01\/12\/el-ajedrez-internacionaliza-el-nombre-de-linares\/dsc08946-2\/'><img width=\"150\" height=\"150\" src=\"https:\/\/muvacandalucia.es\/wp-content\/uploads\/2021\/01\/DSC08946-150x150.jpg\" class=\"attachment-thumbnail size-thumbnail\" alt=\"Santiago Tirado Franco (Linares, 1950) Torneo de Ajedrez (Adquirido por el Excmo. Ayuntamiento de Linares en 1983) Aer\u00f3grafo, 203x161 cm.\" decoding=\"async\" loading=\"lazy\" aria-describedby=\"gallery-1-374\" \/><\/a>\n\t\t\t<\/div>\n\t\t\t\t<figcaption class='wp-caption-text gallery-caption' id='gallery-1-374'>\n\t\t\t\tTorneo de ajedrez\n\t\t\t\t<\/figcaption><\/figure><figure class='gallery-item'>\n\t\t\t<div class='gallery-icon portrait'>\n\t\t\t\t<a href='https:\/\/muvacandalucia.es\/index.php\/2021\/01\/23\/y-carmela-nos-contempla-de-la-mano-de-jose-suarez-peregrin\/dsc08930-2\/'><img width=\"150\" height=\"150\" src=\"https:\/\/muvacandalucia.es\/wp-content\/uploads\/2021\/01\/DSC08930-150x150.jpg\" class=\"attachment-thumbnail size-thumbnail\" alt=\"Jos\u00e9 Su\u00e1rez Peregr\u00edn (Granada, 1908 - \u2020) Carmen la gitana (Primer premio de 1956, secci\u00f3n \u00f3leos) \u00d3leo sobre lienzo, 95x75 cm.\" decoding=\"async\" loading=\"lazy\" aria-describedby=\"gallery-1-368\" \/><\/a>\n\t\t\t<\/div>\n\t\t\t\t<figcaption class='wp-caption-text gallery-caption' id='gallery-1-368'>\n\t\t\t\tCarmen la gitana\n\t\t\t\t<\/figcaption><\/figure><figure class='gallery-item'>\n\t\t\t<div class='gallery-icon landscape'>\n\t\t\t\t<a href='https:\/\/muvacandalucia.es\/index.php\/2021\/01\/16\/el-bodegon-reconstruido\/dsc08928-2\/'><img width=\"150\" height=\"150\" src=\"https:\/\/muvacandalucia.es\/wp-content\/uploads\/2021\/01\/DSC08928-150x150.jpg\" class=\"attachment-thumbnail size-thumbnail\" alt=\"Jacinto Lara Hidalgo (Fern\u00e1n N\u00fa\u00f1ez, C\u00f3rdoba, 1953). Bodeg\u00f3n de anta\u00f1o (Donaci\u00f3n al Excmo. Ayuntamiento de Linares en 1976). \u00d3leo sobre tabla, 53x71 cm.\" decoding=\"async\" loading=\"lazy\" aria-describedby=\"gallery-1-367\" \/><\/a>\n\t\t\t<\/div>\n\t\t\t\t<figcaption class='wp-caption-text gallery-caption' id='gallery-1-367'>\n\t\t\t\tBodeg\u00f3n de anta\u00f1o\n\t\t\t\t<\/figcaption><\/figure><figure class='gallery-item'>\n\t\t\t<div class='gallery-icon portrait'>\n\t\t\t\t<a href='https:\/\/muvacandalucia.es\/index.php\/2021\/01\/24\/el-bodegon-clasico-en-mariano-yzquierdo\/dsc08914-2\/'><img width=\"150\" height=\"150\" src=\"https:\/\/muvacandalucia.es\/wp-content\/uploads\/2021\/01\/DSC08914-150x150.jpg\" class=\"attachment-thumbnail size-thumbnail\" alt=\"Mariano Yzquierdo Vivas (Puerto Pr\u00edncipe, Cuba, 1893 - Madrid, 1985) Calidades (Primer premio de 1946, secci\u00f3n \u00f3leos) \u00d3leo sobre lienzo, 74x58 cm.\" decoding=\"async\" loading=\"lazy\" aria-describedby=\"gallery-1-360\" \/><\/a>\n\t\t\t<\/div>\n\t\t\t\t<figcaption class='wp-caption-text gallery-caption' id='gallery-1-360'>\n\t\t\t\tCalidades\n\t\t\t\t<\/figcaption><\/figure><figure class='gallery-item'>\n\t\t\t<div class='gallery-icon portrait'>\n\t\t\t\t<a href='https:\/\/muvacandalucia.es\/index.php\/2021\/01\/16\/los-toreros-en-una-realidad-deformada\/dsc08926\/'><img width=\"150\" height=\"150\" src=\"https:\/\/muvacandalucia.es\/wp-content\/uploads\/2021\/01\/DSC08926-150x150.jpg\" class=\"attachment-thumbnail size-thumbnail\" alt=\"Guillermo Rodr\u00edguez Mingorance (Madrid, 1948). Los Toreros (Primer premio \u201cCiudad de Linares\u201d de 1973). \u00d3leo sobre lienzo, 80x64 cm.\" decoding=\"async\" loading=\"lazy\" aria-describedby=\"gallery-1-366\" \/><\/a>\n\t\t\t<\/div>\n\t\t\t\t<figcaption class='wp-caption-text gallery-caption' id='gallery-1-366'>\n\t\t\t\tLos toreros\n\t\t\t\t<\/figcaption><\/figure><figure class='gallery-item'>\n\t\t\t<div class='gallery-icon portrait'>\n\t\t\t\t<a href='https:\/\/muvacandalucia.es\/index.php\/2021\/01\/25\/una-puesta-de-sol-del-granadino-joaquin-urbano\/dsc08915\/'><img width=\"150\" height=\"150\" src=\"https:\/\/muvacandalucia.es\/wp-content\/uploads\/2021\/01\/DSC08915-150x150.jpg\" class=\"attachment-thumbnail size-thumbnail\" alt=\"Joaqu\u00edn Urbano Mingorance (Granada, 1887 - \u2020) Puesta de Sol (Primer premio de 1944, secci\u00f3n \u00f3leos) \u00d3leo sobre lienzo, 78x65 cm.\" decoding=\"async\" loading=\"lazy\" aria-describedby=\"gallery-1-361\" \/><\/a>\n\t\t\t<\/div>\n\t\t\t\t<figcaption class='wp-caption-text gallery-caption' id='gallery-1-361'>\n\t\t\t\tPuesta de sol\n\t\t\t\t<\/figcaption><\/figure><figure class='gallery-item'>\n\t\t\t<div class='gallery-icon landscape'>\n\t\t\t\t<a href='https:\/\/muvacandalucia.es\/index.php\/2021\/01\/25\/el-paisaje-de-otinar-que-fascino-a-rufino-martos\/dsc08917-2\/'><img width=\"150\" height=\"150\" src=\"https:\/\/muvacandalucia.es\/wp-content\/uploads\/2021\/01\/DSC08917-150x150.jpg\" class=\"attachment-thumbnail size-thumbnail\" alt=\"Rufino Martos Ortiz (Ja\u00e9n, 1912 - C\u00f3rdoba, 1993) El Barranco (Primer premio de 1945, secci\u00f3n \u00f3leos) \u00d3leo sobre lienzo, 80x100 cm.\" decoding=\"async\" loading=\"lazy\" aria-describedby=\"gallery-1-362\" \/><\/a>\n\t\t\t<\/div>\n\t\t\t\t<figcaption class='wp-caption-text gallery-caption' id='gallery-1-362'>\n\t\t\t\tEl barranco\n\t\t\t\t<\/figcaption><\/figure><figure class='gallery-item'>\n\t\t\t<div class='gallery-icon portrait'>\n\t\t\t\t<a href='https:\/\/muvacandalucia.es\/index.php\/2021\/01\/14\/asi-vemos-desde-dentro-a-francisco-molinero\/dsc08923-2\/'><img width=\"150\" height=\"150\" src=\"https:\/\/muvacandalucia.es\/wp-content\/uploads\/2021\/01\/DSC08923-150x150.jpg\" class=\"attachment-thumbnail size-thumbnail\" alt=\"Francisco Molinero Ayala (Ja\u00e9n, 1945) Desde fuera te veo as\u00ed (Segundo premio \u201cFernando Arcas\u201d de 1979, secci\u00f3n \u00f3leos) \u00d3leo sobre lienzo, 147x115 cm.\" decoding=\"async\" loading=\"lazy\" aria-describedby=\"gallery-1-365\" \/><\/a>\n\t\t\t<\/div>\n\t\t\t\t<figcaption class='wp-caption-text gallery-caption' id='gallery-1-365'>\n\t\t\t\tDesde fuera te veo as\u00ed\n\t\t\t\t<\/figcaption><\/figure><figure class='gallery-item'>\n\t\t\t<div class='gallery-icon landscape'>\n\t\t\t\t<a href='https:\/\/muvacandalucia.es\/index.php\/2021\/01\/21\/tierras-de-la-mancha\/dsc08921-2\/'><img width=\"150\" height=\"150\" src=\"https:\/\/muvacandalucia.es\/wp-content\/uploads\/2021\/01\/DSC08921-150x150.jpg\" class=\"attachment-thumbnail size-thumbnail\" alt=\"Luis S\u00e1nchez Mart\u00ednez (Bilbao, 1913-1976) Tierras de la Mancha (Premio \u201cMariano de la Paz\u201d de 1969, secci\u00f3n \u00f3leos) \u00d3leos sobre lienzo, 73x100 cm.\" decoding=\"async\" loading=\"lazy\" aria-describedby=\"gallery-1-364\" \/><\/a>\n\t\t\t<\/div>\n\t\t\t\t<figcaption class='wp-caption-text gallery-caption' id='gallery-1-364'>\n\t\t\t\tTierras de la Mancha\n\t\t\t\t<\/figcaption><\/figure><figure class='gallery-item'>\n\t\t\t<div class='gallery-icon landscape'>\n\t\t\t\t<a href='https:\/\/muvacandalucia.es\/dsc08919-2\/'><img width=\"150\" height=\"150\" src=\"https:\/\/muvacandalucia.es\/wp-content\/uploads\/2021\/01\/DSC08919-150x150.jpg\" class=\"attachment-thumbnail size-thumbnail\" alt=\"Andr\u00e9s Barajas D\u00edaz (Huelma, Ja\u00e9n, 1941 - 2006) La siesta (Segundo premio \u201cPintor Zabaleta\u201d de 1969, secci\u00f3n \u00f3leos) \u00d3leo sobre lienzo, 80x88 cm.\" decoding=\"async\" loading=\"lazy\" aria-describedby=\"gallery-1-363\" \/><\/a>\n\t\t\t<\/div>\n\t\t\t\t<figcaption class='wp-caption-text gallery-caption' id='gallery-1-363'>\n\t\t\t\tLa siesta\n\t\t\t\t<\/figcaption><\/figure><figure class='gallery-item'>\n\t\t\t<div class='gallery-icon portrait'>\n\t\t\t\t<a href='https:\/\/muvacandalucia.es\/index.php\/2021\/01\/25\/urbano-mingorance-y-su-amada-granada\/dsc08909\/'><img width=\"150\" height=\"150\" src=\"https:\/\/muvacandalucia.es\/wp-content\/uploads\/2021\/01\/DSC08909-150x150.jpg\" class=\"attachment-thumbnail size-thumbnail\" alt=\"Jos\u00e9 Mar\u00eda Fern\u00e1ndez-Pi\u00f1ar Rocha (Granada, 1884 - \u2020) Desde un balc\u00f3n Albaiz\u00edn (Primer premio de 1942, secci\u00f3n \u00f3leos) \u00d3leo sobre lienzo, 72x58 cm.\" decoding=\"async\" loading=\"lazy\" aria-describedby=\"gallery-1-578\" \/><\/a>\n\t\t\t<\/div>\n\t\t\t\t<figcaption class='wp-caption-text gallery-caption' id='gallery-1-578'>\n\t\t\t\tDesde una balc\u00f3n Albaiz\u00edn\n\t\t\t\t<\/figcaption><\/figure>\n\t\t<\/div>\n\n","protected":false},"excerpt":{"rendered":"<p>Arrancada del olvido en mal ventilados desvanes municipales, se presenta en la Sala de Exposiciones \u201cGourmet Cazorla\u201d, en el Pol\u00edgono Industrial de \u201cLos Jarales\u201d una sobria y elegante representaci\u00f3n del&hellip;<\/p>\n","protected":false},"author":1,"featured_media":77,"parent":0,"menu_order":0,"comment_status":"closed","ping_status":"closed","template":"","meta":[],"_links":{"self":[{"href":"https:\/\/muvacandalucia.es\/index.php\/wp-json\/wp\/v2\/pages\/88"}],"collection":[{"href":"https:\/\/muvacandalucia.es\/index.php\/wp-json\/wp\/v2\/pages"}],"about":[{"href":"https:\/\/muvacandalucia.es\/index.php\/wp-json\/wp\/v2\/types\/page"}],"author":[{"embeddable":true,"href":"https:\/\/muvacandalucia.es\/index.php\/wp-json\/wp\/v2\/users\/1"}],"replies":[{"embeddable":true,"href":"https:\/\/muvacandalucia.es\/index.php\/wp-json\/wp\/v2\/comments?post=88"}],"version-history":[{"count":28,"href":"https:\/\/muvacandalucia.es\/index.php\/wp-json\/wp\/v2\/pages\/88\/revisions"}],"predecessor-version":[{"id":586,"href":"https:\/\/muvacandalucia.es\/index.php\/wp-json\/wp\/v2\/pages\/88\/revisions\/586"}],"wp:featuredmedia":[{"embeddable":true,"href":"https:\/\/muvacandalucia.es\/index.php\/wp-json\/wp\/v2\/media\/77"}],"wp:attachment":[{"href":"https:\/\/muvacandalucia.es\/index.php\/wp-json\/wp\/v2\/media?parent=88"}],"curies":[{"name":"wp","href":"https:\/\/api.w.org\/{rel}","templated":true}]}}