{"id":1753,"date":"2021-06-03T10:37:16","date_gmt":"2021-06-03T10:37:16","guid":{"rendered":"https:\/\/muvacandalucia.es\/?page_id=1753"},"modified":"2021-06-05T15:15:37","modified_gmt":"2021-06-05T15:15:37","slug":"aire-fresco-en-rampa-con-su-exposicion-omg","status":"publish","type":"page","link":"https:\/\/muvacandalucia.es\/index.php\/aire-fresco-en-rampa-con-su-exposicion-omg\/","title":{"rendered":"Aire fresco en &#8220;Rampa&#8221; con su exposici\u00f3n &#8220;OMG!&#8221;"},"content":{"rendered":"\n<!-- mowomo-redes-sociales-icons-bar -->\n        <div class=\"mwm_rrss_contenedor mwm_rrss_appearance_6 mwm_rrss_alingment_3\">\n                            <a class=\"mwm_rrss mwm_twitter\" mwm-rrss-url=\"https:\/\/twitter.com\/intent\/tweet?text=Aire fresco en &#8220;Rampa&#8221; con su exposici\u00f3n &#8220;OMG!&#8221; https:\/\/muvacandalucia.es\/index.php\/aire-fresco-en-rampa-con-su-exposicion-omg\/ v\u00eda @muvaclinares\"><i class=\"icon-rrss-twitter\"><\/i><\/a>\n            \n                            <a class=\"mwm_rrss mwm_facebook\" mwm-rrss-url=\"https:\/\/www.facebook.com\/sharer\/sharer.php?u=https:\/\/muvacandalucia.es\/index.php\/aire-fresco-en-rampa-con-su-exposicion-omg\/\"><i class=\"icon-rrss-facebook\"><\/i><\/a>\n            \n            \n            \n                            <a class=\"mwm_rrss mwm_whatsapp\" mwm-rrss-url=\"https:\/\/api.whatsapp.com\/send?text=Aire fresco en &#8220;Rampa&#8221; con su exposici\u00f3n &#8220;OMG!&#8221; \u2013 https:\/\/muvacandalucia.es\/index.php\/aire-fresco-en-rampa-con-su-exposicion-omg\/\" ><i class=\"icon-rrss-whatsapp\"><\/i> <\/a>\n                    <\/div>\n    \n<p style=\"text-align: justify;\"><span style=\"color: #808080;\">De vez en cuando, no siempre, s\u00f3lo a veces, el panorama art\u00edstico de una ciudad mediana como Linares se ve iluminado con esa nueva luz que aporta el arte fresco, el refrescante revulsivo est\u00e9tico que viene de la mano de nuestros creadores m\u00e1s osados.<\/span><\/p>\n<p style=\"text-align: justify;\"><span style=\"color: #808080;\">Insultantemente j\u00f3venes en su mayor\u00eda, obscenamente competentes en su totalidad, sus obras son un insulto al mal gusto. Nadie m\u00e1s que Rampa podr\u00eda atreverse a formular una apuesta tan atrevida como <strong>OMG!<\/strong> en el culturalmente deprimido contexto art\u00edstico de la provincia de Ja\u00e9n, presentando casi cuarenta valientes propuestas de otros tantos artistas, entre los que reconocemos algunas de las emergentes promesas del arte contempor\u00e1neo espa\u00f1ol que se codean con veteranos maestros como el linarense <em>Maldomado<\/em>, el afamado escultor Suso33 y el artista multidisciplinario Jose R\u00edos.<\/span><\/p>\n<p style=\"text-align: justify;\"><span style=\"color: #808080;\">Al frente del proyecto, un ilusionado <em>Belin<\/em> que, una vez m\u00e1s, apuesta a caballo ganador.<\/span><\/p>\n<p style=\"text-align: justify;\"><span style=\"color: #808080;\">Con este art\u00edculo damos comienzo a una colecci\u00f3n en la que haremos referencia al semblante art\u00edstico de los autores participantes en la muestra y daremos a conocer su obra dentro de un contexto m\u00e1s amplio.<\/span><\/p>\n","protected":false},"excerpt":{"rendered":"<p>&nbsp; De vez en cuando, no siempre, s\u00f3lo a veces, el panorama art\u00edstico de una ciudad mediana como Linares se ve iluminado con esa nueva luz que aporta el arte&hellip;<\/p>\n","protected":false},"author":1,"featured_media":1751,"parent":0,"menu_order":0,"comment_status":"closed","ping_status":"closed","template":"","meta":[],"_links":{"self":[{"href":"https:\/\/muvacandalucia.es\/index.php\/wp-json\/wp\/v2\/pages\/1753"}],"collection":[{"href":"https:\/\/muvacandalucia.es\/index.php\/wp-json\/wp\/v2\/pages"}],"about":[{"href":"https:\/\/muvacandalucia.es\/index.php\/wp-json\/wp\/v2\/types\/page"}],"author":[{"embeddable":true,"href":"https:\/\/muvacandalucia.es\/index.php\/wp-json\/wp\/v2\/users\/1"}],"replies":[{"embeddable":true,"href":"https:\/\/muvacandalucia.es\/index.php\/wp-json\/wp\/v2\/comments?post=1753"}],"version-history":[{"count":9,"href":"https:\/\/muvacandalucia.es\/index.php\/wp-json\/wp\/v2\/pages\/1753\/revisions"}],"predecessor-version":[{"id":1759,"href":"https:\/\/muvacandalucia.es\/index.php\/wp-json\/wp\/v2\/pages\/1753\/revisions\/1759"}],"wp:featuredmedia":[{"embeddable":true,"href":"https:\/\/muvacandalucia.es\/index.php\/wp-json\/wp\/v2\/media\/1751"}],"wp:attachment":[{"href":"https:\/\/muvacandalucia.es\/index.php\/wp-json\/wp\/v2\/media?parent=1753"}],"curies":[{"name":"wp","href":"https:\/\/api.w.org\/{rel}","templated":true}]}}